{"id":24,"date":"2015-02-09T16:25:25","date_gmt":"2015-02-09T16:25:25","guid":{"rendered":"http:\/\/kuenstlerhof-schreyahn.de.w012e605.kasserver.com\/?page_id=24"},"modified":"2025-05-27T15:19:36","modified_gmt":"2025-05-27T15:19:36","slug":"anfahrt","status":"publish","type":"page","link":"https:\/\/kuenstlerhof-schreyahn.de\/?page_id=24","title":{"rendered":"Anfahrt"},"content":{"rendered":"<p style=\"text-align: left;\">Hier finden Sie die <strong>Anfahrtskarten<\/strong> zur Stipendiatenst\u00e4tte K\u00fcnstlerhof Schreyahn. Durch Klick auf die entsprechende Karte, wird sie vergr\u00f6ssert dargestellt.<\/p>\n<p style=\"text-align: center;\"><a href=\"http:\/\/kuenstlerhof-schreyahn.de\/wp-content\/uploads\/2015\/02\/map_1_large.jpg\"><img loading=\"lazy\" decoding=\"async\" class=\"alignnone wp-image-28 size-thumbnail\" src=\"http:\/\/kuenstlerhof-schreyahn.de\/wp-content\/uploads\/2015\/02\/map_1_large-150x150.jpg\" alt=\"map_1_large\" width=\"150\" height=\"150\" \/><\/a>\u00a0 \u00a0 \u00a0 \u00a0 \u00a0 \u00a0 \u00a0 \u00a0 \u00a0\u00a0<a href=\"http:\/\/kuenstlerhof-schreyahn.de\/wp-content\/uploads\/2015\/02\/map_2_large.gif\"><img loading=\"lazy\" decoding=\"async\" class=\"alignnone wp-image-29 size-thumbnail\" src=\"http:\/\/kuenstlerhof-schreyahn.de\/wp-content\/uploads\/2015\/02\/map_2_large-150x150.gif\" alt=\"map_2_large\" width=\"150\" height=\"150\" \/><\/a>\u00a0 \u00a0 \u00a0 \u00a0 \u00a0 \u00a0 \u00a0 \u00a0 \u00a0\u00a0<a href=\"http:\/\/kuenstlerhof-schreyahn.de\/wp-content\/uploads\/2015\/02\/map_3_large.jpg\"><img loading=\"lazy\" decoding=\"async\" class=\"alignnone wp-image-30 size-thumbnail\" src=\"http:\/\/kuenstlerhof-schreyahn.de\/wp-content\/uploads\/2015\/02\/map_3_large-150x150.jpg\" alt=\"map_3_large\" width=\"150\" height=\"150\" \/><\/a><\/p>\n<p style=\"text-align: left;\"><strong>Bus und Bahn<\/strong>:<br \/>\nWer mit der Bahn kommt, f\u00e4hrt bis Uelzen oder Salzwedel oder Dannenberg, danach weiter mit dem Bus.<\/p>\n<p><strong>Liebe Autofahrer<\/strong>:<br \/>\nBitte nicht direkt im Rundling parken!<\/p>\n<p style=\"text-align: center;\"><iframe loading=\"lazy\" style=\"border: 0;\" src=\"https:\/\/www.google.com\/maps\/embed?pb=!1m14!1m8!1m3!1d2390.7049517861733!2d11.073599999999999!3d52.93613999999999!3m2!1i1024!2i768!4f13.1!3m3!1m2!1s0x47ae4c48809795d1%3A0x28d45a592bbc52cd!2sRundling+19%2C+29462+Wustrow+(Wendland)!5e1!3m2!1sde!2sde!4v1423500790165\" width=\"400\" height=\"300\" frameborder=\"0\"><\/iframe><\/p>\n","protected":false},"excerpt":{"rendered":"<p>Hier finden Sie die Anfahrtskarten zur Stipendiatenst\u00e4tte K\u00fcnstlerhof Schreyahn. Durch Klick auf die entsprechende Karte, wird sie vergr\u00f6ssert dargestellt. \u00a0 \u00a0 \u00a0 \u00a0 \u00a0 \u00a0 \u00a0 \u00a0 \u00a0\u00a0\u00a0 \u00a0 \u00a0 \u00a0 \u00a0 \u00a0 \u00a0 \u00a0 \u00a0\u00a0 Bus und Bahn: Wer mit der Bahn kommt, f\u00e4hrt bis Uelzen oder Salzwedel oder Dannenberg, danach weiter mit dem [&hellip;]<\/p>\n","protected":false},"author":2,"featured_media":0,"parent":6,"menu_order":2,"comment_status":"closed","ping_status":"closed","template":"","meta":{"footnotes":""},"tags":[14,13],"class_list":["post-24","page","type-page","status-publish","hentry","tag-schreyahn","tag-wendland"],"_links":{"self":[{"href":"https:\/\/kuenstlerhof-schreyahn.de\/index.php?rest_route=\/wp\/v2\/pages\/24","targetHints":{"allow":["GET"]}}],"collection":[{"href":"https:\/\/kuenstlerhof-schreyahn.de\/index.php?rest_route=\/wp\/v2\/pages"}],"about":[{"href":"https:\/\/kuenstlerhof-schreyahn.de\/index.php?rest_route=\/wp\/v2\/types\/page"}],"author":[{"embeddable":true,"href":"https:\/\/kuenstlerhof-schreyahn.de\/index.php?rest_route=\/wp\/v2\/users\/2"}],"replies":[{"embeddable":true,"href":"https:\/\/kuenstlerhof-schreyahn.de\/index.php?rest_route=%2Fwp%2Fv2%2Fcomments&post=24"}],"version-history":[{"count":14,"href":"https:\/\/kuenstlerhof-schreyahn.de\/index.php?rest_route=\/wp\/v2\/pages\/24\/revisions"}],"predecessor-version":[{"id":1559,"href":"https:\/\/kuenstlerhof-schreyahn.de\/index.php?rest_route=\/wp\/v2\/pages\/24\/revisions\/1559"}],"up":[{"embeddable":true,"href":"https:\/\/kuenstlerhof-schreyahn.de\/index.php?rest_route=\/wp\/v2\/pages\/6"}],"wp:attachment":[{"href":"https:\/\/kuenstlerhof-schreyahn.de\/index.php?rest_route=%2Fwp%2Fv2%2Fmedia&parent=24"}],"wp:term":[{"taxonomy":"post_tag","embeddable":true,"href":"https:\/\/kuenstlerhof-schreyahn.de\/index.php?rest_route=%2Fwp%2Fv2%2Ftags&post=24"}],"curies":[{"name":"wp","href":"https:\/\/api.w.org\/{rel}","templated":true}]}}