{"id":39,"date":"2015-02-09T16:58:30","date_gmt":"2015-02-09T16:58:30","guid":{"rendered":"http:\/\/kuenstlerhof-schreyahn.de.w012e605.kasserver.com\/?page_id=39"},"modified":"2025-05-27T15:21:25","modified_gmt":"2025-05-27T15:21:25","slug":"grundrisse-der-kuenstlerwohnungen","status":"publish","type":"page","link":"https:\/\/kuenstlerhof-schreyahn.de\/?page_id=39","title":{"rendered":"Grundrisse der K\u00fcnstlerwohnungen"},"content":{"rendered":"<p>Im K\u00fcnstlerhof gibt es insgesamt vier Wohnungen. Davon stehen zwei f\u00fcr Musiker (Hauptgeb\u00e4ude Nr. 1 + \u201eBackhaus\u201c\/Nebengeb\u00e4ude Nr. 4) zur Verf\u00fcgung und weitere zwei f\u00fcr Autoren (im Nebengeb\u00e4ude Nr. 1 + Nr. 2).<\/p>\n<p>Die Wohnungen 2 + 3 im Hauptgeb\u00e4ude werden nur noch als G\u00e4stewohnungen genutzt, da sie sehr schlecht schallisoliert sind. Unterhalb von der Wohnung 2 befindet sich das Archiv.<\/p>\n<p>Die Grundrisse k\u00f6nnen Sie durch einen Klick auf das Bild vergr\u00f6ssern.<\/p>\n<p>&nbsp;<\/p>\n<p><a href=\"http:\/\/kuenstlerhof-schreyahn.de\/wp-content\/uploads\/2015\/02\/wohn1.gif\"><img loading=\"lazy\" decoding=\"async\" class=\"alignleft wp-image-45 size-thumbnail\" src=\"http:\/\/kuenstlerhof-schreyahn.de\/wp-content\/uploads\/2015\/02\/wohn1-150x150.gif\" alt=\"wohnung 1\" width=\"150\" height=\"150\" \/><\/a>Die Wohnung Nr. 1 im Hauptgeb\u00e4ude steht Musikern<br \/>\nzur Verf\u00fcgung und bietet gro\u00dfz\u00fcgig Platz.<\/p>\n<p>&nbsp;<\/p>\n<p>&nbsp;<\/p>\n<p>&nbsp;<\/p>\n<p>&nbsp;<\/p>\n<p><a href=\"http:\/\/kuenstlerhof-schreyahn.de\/wp-content\/uploads\/2015\/02\/wohn2.gif\"><img loading=\"lazy\" decoding=\"async\" class=\"alignleft wp-image-47 size-thumbnail\" src=\"http:\/\/kuenstlerhof-schreyahn.de\/wp-content\/uploads\/2015\/02\/wohn2-150x150.gif\" alt=\"wohnung 2\" width=\"150\" height=\"150\" \/><\/a>Die G\u00e4steateliers (ehemals Wohnung 2 + 3) befinden sich<br \/>\nim Haupthaus.<\/p>\n<p>Der wei\u00dfe Bereich im 1. Obergeschoss beheimatet<br \/>\nseit 1997 ein Archiv mit Werken der Stipendiaten.<\/p>\n<p>&nbsp;<\/p>\n<p>&nbsp;<\/p>\n<p>&nbsp;<\/p>\n<p><a href=\"http:\/\/kuenstlerhof-schreyahn.de\/wp-content\/uploads\/2015\/02\/wohn3.gif\"><img loading=\"lazy\" decoding=\"async\" class=\"alignleft wp-image-48 size-thumbnail\" src=\"http:\/\/kuenstlerhof-schreyahn.de\/wp-content\/uploads\/2015\/02\/wohn3-150x150.gif\" alt=\"wohnung 4\" width=\"150\" height=\"150\" \/><\/a>Die Wohnung Nr. 4 befindet sich im<br \/>\nBackhaus\/Nebengeb\u00e4ude und steht<br \/>\nebenfalls Musikern zur Verf\u00fcgung.<\/p>\n<p>&nbsp;<\/p>\n<p>&nbsp;<\/p>\n<p>&nbsp;<\/p>\n<p>&nbsp;<\/p>\n<p><a href=\"http:\/\/kuenstlerhof-schreyahn.de\/wp-content\/uploads\/2015\/02\/wohn4.gif\"><img loading=\"lazy\" decoding=\"async\" class=\"alignleft wp-image-50 size-thumbnail\" src=\"http:\/\/kuenstlerhof-schreyahn.de\/wp-content\/uploads\/2015\/02\/wohn4-150x150.gif\" alt=\"wohnung 5+6\" width=\"150\" height=\"150\" \/><\/a>Die Wohnungen Nr. 5 und Nr. 6 sind<br \/>\nim hinteren Neubau (Nebengeb\u00e4ude)<br \/>\nuntergebracht und stehen Autoren zur Verf\u00fcgung.<\/p>\n","protected":false},"excerpt":{"rendered":"<p>Im K\u00fcnstlerhof gibt es insgesamt vier Wohnungen. Davon stehen zwei f\u00fcr Musiker (Hauptgeb\u00e4ude Nr. 1 + \u201eBackhaus\u201c\/Nebengeb\u00e4ude Nr. 4) zur Verf\u00fcgung und weitere zwei f\u00fcr Autoren (im Nebengeb\u00e4ude Nr. 1 + Nr. 2). Die Wohnungen 2 + 3 im Hauptgeb\u00e4ude werden nur noch als G\u00e4stewohnungen genutzt, da sie sehr schlecht schallisoliert sind. Unterhalb von der [&hellip;]<\/p>\n","protected":false},"author":1,"featured_media":0,"parent":8,"menu_order":0,"comment_status":"closed","ping_status":"closed","template":"","meta":{"footnotes":""},"tags":[],"class_list":["post-39","page","type-page","status-publish","hentry"],"_links":{"self":[{"href":"https:\/\/kuenstlerhof-schreyahn.de\/index.php?rest_route=\/wp\/v2\/pages\/39","targetHints":{"allow":["GET"]}}],"collection":[{"href":"https:\/\/kuenstlerhof-schreyahn.de\/index.php?rest_route=\/wp\/v2\/pages"}],"about":[{"href":"https:\/\/kuenstlerhof-schreyahn.de\/index.php?rest_route=\/wp\/v2\/types\/page"}],"author":[{"embeddable":true,"href":"https:\/\/kuenstlerhof-schreyahn.de\/index.php?rest_route=\/wp\/v2\/users\/1"}],"replies":[{"embeddable":true,"href":"https:\/\/kuenstlerhof-schreyahn.de\/index.php?rest_route=%2Fwp%2Fv2%2Fcomments&post=39"}],"version-history":[{"count":8,"href":"https:\/\/kuenstlerhof-schreyahn.de\/index.php?rest_route=\/wp\/v2\/pages\/39\/revisions"}],"predecessor-version":[{"id":1561,"href":"https:\/\/kuenstlerhof-schreyahn.de\/index.php?rest_route=\/wp\/v2\/pages\/39\/revisions\/1561"}],"up":[{"embeddable":true,"href":"https:\/\/kuenstlerhof-schreyahn.de\/index.php?rest_route=\/wp\/v2\/pages\/8"}],"wp:attachment":[{"href":"https:\/\/kuenstlerhof-schreyahn.de\/index.php?rest_route=%2Fwp%2Fv2%2Fmedia&parent=39"}],"wp:term":[{"taxonomy":"post_tag","embeddable":true,"href":"https:\/\/kuenstlerhof-schreyahn.de\/index.php?rest_route=%2Fwp%2Fv2%2Ftags&post=39"}],"curies":[{"name":"wp","href":"https:\/\/api.w.org\/{rel}","templated":true}]}}