{"id":545,"date":"2018-06-13T17:46:53","date_gmt":"2018-06-13T17:46:53","guid":{"rendered":"http:\/\/kuenstlerhof-schreyahn.de\/?page_id=545"},"modified":"2024-02-07T14:13:00","modified_gmt":"2024-02-07T14:13:00","slug":"datenschutzerklaerung","status":"publish","type":"page","link":"https:\/\/kuenstlerhof-schreyahn.de\/?page_id=545","title":{"rendered":"Datenschutzerkl\u00e4rung"},"content":{"rendered":"<div id=\"privpol_div_rich_text_preview\" class=\"uk-width-1-1\">\n<p>Information zur Verarbeitung personenbezogener Daten durch die Samtgemeinde L\u00fcchow (Wendland) f\u00fcr das Verfahren Stipendium K\u00fcnstlerhof Schreyahn<br \/>\nGem\u00e4\u00df Artikel 12 bis 22 und 34 der Europ\u00e4ischen Datenschutz-Grundverordnung (DSGVO)<\/p>\n<p>Die vorliegende Information zur Verarbeitung personenbezogener Daten gibt Auskunft \u00fcber die informationspflichtigen Angaben, die f\u00fcr alle Verarbeitungst\u00e4tigkeiten der Verantwortlichen zutreffend sind.<\/p>\n<p>1 Kontaktdaten<br \/>\n1.1 Verantwortliche<br \/>\nVerantwortlich f\u00fcr die Datenverarbeitung im Sinne des Art. 4 Nr.7 DSGVO ist die:<br \/>\nSamtgemeinde L\u00fcchow (Wendland),<br \/>\nvertreten durch den Samtgemeindeb\u00fcrgermeister,<br \/>\nAmtsweg 4, 29439 L\u00fcchow (Wendland),<br \/>\nTelefon 05841-126 500, E-Mail samtgemeinde@luechow-wendland.de,<br \/>\nInternet www.luechow-wendland.de<\/p>\n<p>1.2 Verantwortliche Stelle<br \/>\nZweckm\u00e4\u00dfigerweise werden die personenbezogenen Daten durch die nachfolgend bestimmte Stelle innerhalb der Samtgemeinde verarbeitet: Abteilung 4 \u2013 Kinder\/Jugend\/Schule\/Kultur, Amtsweg 4, 29439 L\u00fcchow (Wendland), Telefon 05841-126410, E-Mail franziska.erstling@luechow-wendland.de<\/p>\n<p>1.3 Datenschutzbeauftragte<br \/>\nDie Verantwortliche hat eine Datenschutzbeauftragte gem\u00e4\u00df Art. 37 DSGVO benannt: Nicole K\u00fcnzel-Horn, Datenschutzbeauftragte, Amtsweg 4, 29439 L\u00fcchow (Wendland), Telefon 05841-126 222, E-Mail datenschutz@luechow-wendland.de<\/p>\n<p>2 Zweckbestimmung und Rechtsgrundlagen<br \/>\nDie Daten werden von uns erhoben, gespeichert und ggf. weitergegeben, soweit es erforderlich ist, um eine Bewerbung um ein Stipendium zu bearbeiten. Diese wird vom Bewerber per Email oder Post geschickt Die Erhebung, Speicherung und Weitergabe erfolgt mithin zum Zwecke von vorvertraglichen Ma\u00dfnahmen auf Anfrage der betroffenen Person auf Grundlage von Artikel 6 Absatz 1 Satz 1 Buchstabe b DS-GVO. Eine Nicht-Bereitstellung dieser Daten kann zur Folge haben, dass die Bewerbung nicht ber\u00fccksichtigt werden kann.<\/p>\n<p>3 Daten\u00fcbermittlung<br \/>\nDie Verantwortliche \u00fcbermittelt personenbezogene Daten ausschlie\u00dflich auf Grundlage gesetzlicher Bestimmungen oder mit Einwilligung der betroffenen Person. \u00dcber folgende \u00dcbermittlungsvorg\u00e4nge wird zur Wahrung des Art. 13 Abs. 4 DSGVO informiert:<br \/>\nMinisterium Wissenschaft und Kultur<br \/>\nLeitung K\u00fcnstlerhof Schreyahn<br \/>\nBeirat \/Jury K\u00fcnstlerhof Schreyahn<\/p>\n<p>4 Automatisierte Entscheidungsfindung (Profiling)<br \/>\nIm Zusammenhang mit der Zweckerf\u00fcllung nach Nr. 2 erfolgt keine automatisierte Entscheidungsfindung.<\/p>\n<p>5 Speicherfristen<br \/>\nDie Verantwortliche wird personenbezogene Daten nur so lange speichern, wie dies f\u00fcr die Erreichung des unter Nr. 2 genannten Zwecks erforderlich ist oder gesetzliche Aufbewahrungsfristen eine Speicherung vorschreiben. Sofern nicht im Einzelfall abweichende Aufbewahrungsfristen gelten, l\u00f6scht die Verantwortliche die personenbezogenen Daten sp\u00e4testens 6 Monate nach Abschluss des Bewerbungsverfahrens bzw. 1 Jahr nach Beendigung des Stipendiums.<\/p>\n<p>6 Betroffenenrechte<br \/>\nSofern nicht besondere Vorschriften entgegenstehen, werden der betroffenen Person nachfolgende Betroffenenrechte einger\u00e4umt, die (ausg. Punkt 6.3) zweckm\u00e4\u00dfigerweise bei der unter Punkt 1.2 oder, sofern diese nicht bekannt ist, bei der unter Punkt 1.3 benannten Stelle geltend zu machen sind.<\/p>\n<p>6.1 Auskunft, Berichtigung, L\u00f6schung, Einschr\u00e4nkung<br \/>\nJede betroffene Person hat<br \/>\na ) neben dieser allgemeinen und den erg\u00e4nzenden Informationen zur Verarbeitungst\u00e4tigkeit nach Art. 15 DSGVO einen individuellen Auskunftsanspruch \u00fcber ihre durch die Verantwortliche verarbeiteten personenbezogenen Daten, insbesondere \u00fcber deren Inhalt sowie individuelle Angaben zu den Punkten 2 bis 8 dieser allg. Information,<br \/>\nb ) nach Art. 16 DSGVO das Recht, von der Verantwortlichen die Berichtigung von unrichtigen oder die Erg\u00e4nzung von unvollst\u00e4ndigen personenbezogenen Daten zu verlangen,<br \/>\nc ) den Anspruch, die Verantwortliche zur L\u00f6schung der betreffenden personenbezogenen Daten nach Art. 17 DSGVO aufzufordern und<br \/>\nd ) unter den Voraussetzungen des Art. 18 DSGVO das Recht, die Einschr\u00e4nkung der Datenverarbeitung zu fordern.<\/p>\n<p>6.2 Widerspruch<br \/>\nDie betroffene Person kann aus Gr\u00fcnden einer besonderen Situation der Verarbeitung ihrer personenbezogenen Daten zur Aufgabenerf\u00fcllung nach Art. 6 Abs. 1 Buchstabe e DSGVO widersprechen, sofern die Verantwortliche keine schutzw\u00fcrdigen Gr\u00fcnde f\u00fcr eine weitere Verarbeitung nachweisen kann.<\/p>\n<p>6.3 Beschwerderecht<br \/>\nJede betroffene Person hat das Recht, sich \u00fcber Verletzungen des Datenschutzrechtes zu beschweren. F\u00fcr die Zweckerf\u00fcllung nach Nr. 2.1 und ggf. 2.4, sofern urs\u00e4chlich auf Nr. 2.1 beruhend, ist folgende Datenschutzaufsichtsbeh\u00f6rde zust\u00e4ndig:<br \/>\nBundesbeauftragte f\u00fcr den Datenschutz und die Informationsfreiheit, Husarenstra\u00dfe 30, 53117 Bonn, Telefon 0228 997799-0, E-Mail poststelle@bfdi.bund.de<br \/>\nF\u00fcr die Verarbeitungst\u00e4tigkeiten alle weiteren Zwecke (Nummern 2.2 bis 2.4) ist folgende Datenschutzaufsichtsbeh\u00f6rde zust\u00e4ndig:<br \/>\nDie Landesbeauftragte f\u00fcr den Datenschutz Niedersachsen, Prinzenstra\u00dfe 5, 30159 Hannover, Telefon 0511 120 45 00, Telefax 0511 120 45 99, E-Mail poststelle@lfd.niedersachsen.de, Internet www.lfd.niedersachsen.de<\/p>\n<p>7 Benachrichtigung bei Verletzung des Datenschutzes<br \/>\nBei Verletzung des Datenschutzes erfolgt durch die Verantwortliche eine Meldung an die zust\u00e4ndige Datenschutzaufsichtsbeh\u00f6rde. Hat die Verletzung ein hohes Risiko f\u00fcr die pers\u00f6nlichen Rechte und Freiheiten einer nat\u00fcrlichen Person zur Folge, benachrichtigt die Verantwortliche die betroffene Person dar\u00fcber.<\/p>\n<\/div>\n","protected":false},"excerpt":{"rendered":"<p>Information zur Verarbeitung personenbezogener Daten durch die Samtgemeinde L\u00fcchow (Wendland) f\u00fcr das Verfahren Stipendium K\u00fcnstlerhof Schreyahn Gem\u00e4\u00df Artikel 12 bis 22 und 34 der Europ\u00e4ischen Datenschutz-Grundverordnung (DSGVO) Die vorliegende Information zur Verarbeitung personenbezogener Daten gibt Auskunft \u00fcber die informationspflichtigen Angaben, die f\u00fcr alle Verarbeitungst\u00e4tigkeiten der Verantwortlichen zutreffend sind. 1 Kontaktdaten 1.1 Verantwortliche Verantwortlich f\u00fcr die [&hellip;]<\/p>\n","protected":false},"author":1,"featured_media":0,"parent":0,"menu_order":0,"comment_status":"closed","ping_status":"closed","template":"page-full.php","meta":{"footnotes":""},"tags":[],"class_list":["post-545","page","type-page","status-publish","hentry"],"_links":{"self":[{"href":"https:\/\/kuenstlerhof-schreyahn.de\/index.php?rest_route=\/wp\/v2\/pages\/545","targetHints":{"allow":["GET"]}}],"collection":[{"href":"https:\/\/kuenstlerhof-schreyahn.de\/index.php?rest_route=\/wp\/v2\/pages"}],"about":[{"href":"https:\/\/kuenstlerhof-schreyahn.de\/index.php?rest_route=\/wp\/v2\/types\/page"}],"author":[{"embeddable":true,"href":"https:\/\/kuenstlerhof-schreyahn.de\/index.php?rest_route=\/wp\/v2\/users\/1"}],"replies":[{"embeddable":true,"href":"https:\/\/kuenstlerhof-schreyahn.de\/index.php?rest_route=%2Fwp%2Fv2%2Fcomments&post=545"}],"version-history":[{"count":3,"href":"https:\/\/kuenstlerhof-schreyahn.de\/index.php?rest_route=\/wp\/v2\/pages\/545\/revisions"}],"predecessor-version":[{"id":1256,"href":"https:\/\/kuenstlerhof-schreyahn.de\/index.php?rest_route=\/wp\/v2\/pages\/545\/revisions\/1256"}],"wp:attachment":[{"href":"https:\/\/kuenstlerhof-schreyahn.de\/index.php?rest_route=%2Fwp%2Fv2%2Fmedia&parent=545"}],"wp:term":[{"taxonomy":"post_tag","embeddable":true,"href":"https:\/\/kuenstlerhof-schreyahn.de\/index.php?rest_route=%2Fwp%2Fv2%2Ftags&post=545"}],"curies":[{"name":"wp","href":"https:\/\/api.w.org\/{rel}","templated":true}]}}